{"id":4191,"date":"2022-05-18T23:46:05","date_gmt":"2022-05-18T23:46:05","guid":{"rendered":"https:\/\/ilyasarslanhair.com\/faq-items\/comment-se-deroule-le-lavage-apres-une-transplantation-de-cheveux\/"},"modified":"2022-07-25T19:19:43","modified_gmt":"2022-07-25T19:19:43","slug":"comment-se-deroule-le-lavage-apres-une-transplantation-de-cheveux","status":"publish","type":"avada_faq","link":"https:\/\/ilyasarslanhair.com\/fr\/faq-items\/comment-se-deroule-le-lavage-apres-une-transplantation-de-cheveux\/","title":{"rendered":"Comment se d\u00e9roule le lavage apr\u00e8s une transplantation de cheveux. ?"},"content":{"rendered":"<p><span style=\"font-weight: 400;\">Le lendemain de la transplantation, vous viendrez \u00e0 la clinique pour le lavage des cheveux. Le processus de lavage est effectu\u00e9 par nos soins et est d\u00e9crit en termes pratiques. Cette pratique se poursuit \u00e0 la maison tous les jours pendant dix jours.<\/span><\/p>\n<p><span style=\"font-weight: 400;\">Apr\u00e8s la r\u00e9alisation de la greffe de cheveux. Pour les cro\u00fbtes qui se produisent sur le cuir chevelu pendant la journ\u00e9e, nous effectuons un lavage des cro\u00fbtes.<\/span><\/p>\n","protected":false},"excerpt":{"rendered":"<p>Le lendemain de la transplantation, vous viendrez \u00e0 la clinique [&hellip;]<\/p>\n","protected":false},"author":1,"featured_media":0,"menu_order":0,"comment_status":"open","ping_status":"closed","template":"","format":"standard","meta":{"footnotes":""},"faq_category":[105],"class_list":["post-4191","avada_faq","type-avada_faq","status-publish","format-standard","hentry","faq_category-transplantation-de-cheveux"],"_links":{"self":[{"href":"https:\/\/ilyasarslanhair.com\/fr\/wp-json\/wp\/v2\/avada_faq\/4191","targetHints":{"allow":["GET"]}}],"collection":[{"href":"https:\/\/ilyasarslanhair.com\/fr\/wp-json\/wp\/v2\/avada_faq"}],"about":[{"href":"https:\/\/ilyasarslanhair.com\/fr\/wp-json\/wp\/v2\/types\/avada_faq"}],"author":[{"embeddable":true,"href":"https:\/\/ilyasarslanhair.com\/fr\/wp-json\/wp\/v2\/users\/1"}],"replies":[{"embeddable":true,"href":"https:\/\/ilyasarslanhair.com\/fr\/wp-json\/wp\/v2\/comments?post=4191"}],"version-history":[{"count":1,"href":"https:\/\/ilyasarslanhair.com\/fr\/wp-json\/wp\/v2\/avada_faq\/4191\/revisions"}],"predecessor-version":[{"id":4201,"href":"https:\/\/ilyasarslanhair.com\/fr\/wp-json\/wp\/v2\/avada_faq\/4191\/revisions\/4201"}],"wp:attachment":[{"href":"https:\/\/ilyasarslanhair.com\/fr\/wp-json\/wp\/v2\/media?parent=4191"}],"wp:term":[{"taxonomy":"faq_category","embeddable":true,"href":"https:\/\/ilyasarslanhair.com\/fr\/wp-json\/wp\/v2\/faq_category?post=4191"}],"curies":[{"name":"wp","href":"https:\/\/api.w.org\/{rel}","templated":true}]}}